{"id":30840,"date":"2025-07-04T13:28:52","date_gmt":"2025-07-04T13:28:52","guid":{"rendered":"https:\/\/www.formagroup.fr\/v2\/?post_type=lp_course&#038;p=30840"},"modified":"2025-07-15T17:25:56","modified_gmt":"2025-07-15T15:25:56","slug":"travail-en-hauteur-port-du-harnais","status":"publish","type":"lp_course","link":"https:\/\/www.formagroup.fr\/en\/formations\/travail-en-hauteur-port-du-harnais\/","title":{"rendered":"Travail en hauteur, port du harnais"},"content":{"rendered":"<p>La formation \u00abTravail en hauteur, port du harnais\u00bb a pour but d\u2019acqu\u00e9rir les connaissances th\u00e9orique et pratique n\u00e9cessaires pour effectuer des Travaux en Hauteur en s\u00e9curit\u00e9.<\/p>\n<h2>Organisation de la formation (th\u00e9orique)<\/h2>\n<ul>\n<li>Conna\u00eetre les mesures de pr\u00e9vention et de protection<\/li>\n<li>Savoir identifier les risques li\u00e9s aux travaux en hauteur<\/li>\n<li>Savoir organiser ses t\u00e2ches en s\u00e9curit\u00e9<\/li>\n<li>Conna\u00eetre les \u00e9quipements de travail en hauteur<\/li>\n<li>\u00catre capable de choisir les mat\u00e9riels ad\u00e9quats<\/li>\n<li>Savoir travailler en hauteur en s\u00e9curit\u00e9<\/li>\n<li>Savoir v\u00e9rifier et entretenir son mat\u00e9riel<\/li>\n<\/ul>\n<h2>Moyens d&rsquo;encadrement<\/h2>\n<p>Organisme de formation d\u00e9clar\u00e9 \u00e0 la DREETS disposant d\u2019un Service Relations Clients, d\u2019un Service Administratif, d\u2019un Service Qualit\u00e9, et d\u2019une \u00e9quipe pluridisciplinaire de formateurs.<\/p>\n<h2>Moyens p\u00e9dagogiques<\/h2>\n<ul>\n<li>Formateurs en pr\u00e9vention des risques professionnels, titulaires d\u2019un certificat de comp\u00e9tence d\u00e9livr\u00e9 par l\u2019organisme \u00e0 l\u2019issue d\u2019une validation de leur aptitude \u00e0 enseigner le sujet.<\/li>\n<li>Supports d\u2019animation p\u00e9dagogique standardis\u00e9s, utilis\u00e9s en vid\u00e9o-projection.<\/li>\n<li>Installations en centre de formation : salle de cours, tables, chaises, mur clair pour la projection, tableau papier ou effa\u00e7able. En cas de formation intra-entreprise, des installations \u00e9quivalentes doivent \u00eatre mises \u00e0 disposition par l\u2019employeur des stagiaires.<\/li>\n<\/ul>","protected":false},"excerpt":{"rendered":"<p>La formation \u00abTravail en hauteur, port du harnais\u00bb a pour but d\u2019acqu\u00e9rir les connaissances th\u00e9orique et pratique n\u00e9cessaires pour effectuer des Travaux en Hauteur en s\u00e9curit\u00e9. Organisation de la formation (th\u00e9orique) Conna\u00eetre les mesures de pr\u00e9vention et de protection Savoir &hellip; <\/p>","protected":false},"author":1,"featured_media":30844,"comment_status":"closed","ping_status":"closed","template":"","course_category":[82],"course_tag":[],"class_list":["post-30840","lp_course","type-lp_course","status-publish","has-post-thumbnail","hentry","course_category-batiment","course"],"yoast_head":"<!-- This site is optimized with the Yoast SEO plugin v27.3 - https:\/\/yoast.com\/product\/yoast-seo-wordpress\/ -->\n<title>Formation Travail en hauteur : s\u00e9curit\u00e9 et port du harnais certifi\u00e9<\/title>\n<meta name=\"description\" content=\"Apprenez \u00e0 travailler en hauteur en s\u00e9curit\u00e9. Formation au port du harnais et pr\u00e9vention des chutes, conforme \u00e0 la r\u00e9glementation en vigueur.\" \/>\n<meta name=\"robots\" content=\"index, follow, max-snippet:-1, max-image-preview:large, max-video-preview:-1\" \/>\n<link rel=\"canonical\" href=\"https:\/\/www.formagroup.fr\/en\/formations\/travail-en-hauteur-port-du-harnais\/\" \/>\n<meta property=\"og:locale\" content=\"en_GB\" \/>\n<meta property=\"og:type\" content=\"article\" \/>\n<meta property=\"og:title\" content=\"Formation Travail en hauteur : s\u00e9curit\u00e9 et port du harnais certifi\u00e9\" \/>\n<meta property=\"og:description\" content=\"Apprenez \u00e0 travailler en hauteur en s\u00e9curit\u00e9. Formation au port du harnais et pr\u00e9vention des chutes, conforme \u00e0 la r\u00e9glementation en vigueur.\" \/>\n<meta property=\"og:url\" content=\"https:\/\/www.formagroup.fr\/en\/formations\/travail-en-hauteur-port-du-harnais\/\" \/>\n<meta property=\"og:site_name\" content=\"Forma&#039;Group\" \/>\n<meta property=\"article:modified_time\" content=\"2025-07-15T15:25:56+00:00\" \/>\n<meta property=\"og:image\" content=\"https:\/\/www.formagroup.fr\/wp-content\/uploads\/2025\/07\/travaux-en-hauteur.webp\" \/>\n\t<meta property=\"og:image:width\" content=\"1200\" \/>\n\t<meta property=\"og:image:height\" content=\"800\" \/>\n\t<meta property=\"og:image:type\" content=\"image\/webp\" \/>\n<meta name=\"twitter:card\" content=\"summary_large_image\" \/>\n<meta name=\"twitter:label1\" content=\"Estimated reading time\" \/>\n\t<meta name=\"twitter:data1\" content=\"2 minutes\" \/>\n<script type=\"application\/ld+json\" class=\"yoast-schema-graph\">{\"@context\":\"https:\\\/\\\/schema.org\",\"@graph\":[{\"@type\":\"WebPage\",\"@id\":\"https:\\\/\\\/www.formagroup.fr\\\/formations\\\/travail-en-hauteur-port-du-harnais\\\/\",\"url\":\"https:\\\/\\\/www.formagroup.fr\\\/formations\\\/travail-en-hauteur-port-du-harnais\\\/\",\"name\":\"Formation Travail en hauteur : s\u00e9curit\u00e9 et port du harnais certifi\u00e9\",\"isPartOf\":{\"@id\":\"https:\\\/\\\/www.formagroup.fr\\\/#website\"},\"primaryImageOfPage\":{\"@id\":\"https:\\\/\\\/www.formagroup.fr\\\/formations\\\/travail-en-hauteur-port-du-harnais\\\/#primaryimage\"},\"image\":{\"@id\":\"https:\\\/\\\/www.formagroup.fr\\\/formations\\\/travail-en-hauteur-port-du-harnais\\\/#primaryimage\"},\"thumbnailUrl\":\"https:\\\/\\\/www.formagroup.fr\\\/wp-content\\\/uploads\\\/2025\\\/07\\\/travaux-en-hauteur.webp\",\"datePublished\":\"2025-07-04T13:28:52+00:00\",\"dateModified\":\"2025-07-15T15:25:56+00:00\",\"description\":\"Apprenez \u00e0 travailler en hauteur en s\u00e9curit\u00e9. Formation au port du harnais et pr\u00e9vention des chutes, conforme \u00e0 la r\u00e9glementation en vigueur.\",\"breadcrumb\":{\"@id\":\"https:\\\/\\\/www.formagroup.fr\\\/formations\\\/travail-en-hauteur-port-du-harnais\\\/#breadcrumb\"},\"inLanguage\":\"en-GB\",\"potentialAction\":[{\"@type\":\"ReadAction\",\"target\":[\"https:\\\/\\\/www.formagroup.fr\\\/formations\\\/travail-en-hauteur-port-du-harnais\\\/\"]}]},{\"@type\":\"ImageObject\",\"inLanguage\":\"en-GB\",\"@id\":\"https:\\\/\\\/www.formagroup.fr\\\/formations\\\/travail-en-hauteur-port-du-harnais\\\/#primaryimage\",\"url\":\"https:\\\/\\\/www.formagroup.fr\\\/wp-content\\\/uploads\\\/2025\\\/07\\\/travaux-en-hauteur.webp\",\"contentUrl\":\"https:\\\/\\\/www.formagroup.fr\\\/wp-content\\\/uploads\\\/2025\\\/07\\\/travaux-en-hauteur.webp\",\"width\":1200,\"height\":800,\"caption\":\"travail en hauteur\"},{\"@type\":\"BreadcrumbList\",\"@id\":\"https:\\\/\\\/www.formagroup.fr\\\/formations\\\/travail-en-hauteur-port-du-harnais\\\/#breadcrumb\",\"itemListElement\":[{\"@type\":\"ListItem\",\"position\":1,\"name\":\"Accueil\",\"item\":\"https:\\\/\\\/www.formagroup.fr\\\/\"},{\"@type\":\"ListItem\",\"position\":2,\"name\":\"Cours\",\"item\":\"https:\\\/\\\/www.formagroup.fr\\\/formations\\\/\"},{\"@type\":\"ListItem\",\"position\":3,\"name\":\"Travail en hauteur, port du harnais\"}]},{\"@type\":\"WebSite\",\"@id\":\"https:\\\/\\\/www.formagroup.fr\\\/#website\",\"url\":\"https:\\\/\\\/www.formagroup.fr\\\/\",\"name\":\"La r\u00e9f\u00e9rence des formations pour le b\u00e2timent et la restauration \u00e0 Coigni\u00e8res (78)\",\"description\":\"le sp\u00e9cialiste des formations en b\u00e2timent et restauration\",\"publisher\":{\"@id\":\"https:\\\/\\\/www.formagroup.fr\\\/#organization\"},\"potentialAction\":[{\"@type\":\"SearchAction\",\"target\":{\"@type\":\"EntryPoint\",\"urlTemplate\":\"https:\\\/\\\/www.formagroup.fr\\\/?s={search_term_string}\"},\"query-input\":{\"@type\":\"PropertyValueSpecification\",\"valueRequired\":true,\"valueName\":\"search_term_string\"}}],\"inLanguage\":\"en-GB\"},{\"@type\":\"Organization\",\"@id\":\"https:\\\/\\\/www.formagroup.fr\\\/#organization\",\"name\":\"Forma'Group\",\"url\":\"https:\\\/\\\/www.formagroup.fr\\\/\",\"logo\":{\"@type\":\"ImageObject\",\"inLanguage\":\"en-GB\",\"@id\":\"https:\\\/\\\/www.formagroup.fr\\\/#\\\/schema\\\/logo\\\/image\\\/\",\"url\":\"https:\\\/\\\/www.formagroup.fr\\\/wp-content\\\/uploads\\\/2020\\\/03\\\/Logo-FORMAGROUP-transparent.png\",\"contentUrl\":\"https:\\\/\\\/www.formagroup.fr\\\/wp-content\\\/uploads\\\/2020\\\/03\\\/Logo-FORMAGROUP-transparent.png\",\"width\":1300,\"height\":400,\"caption\":\"Forma'Group\"},\"image\":{\"@id\":\"https:\\\/\\\/www.formagroup.fr\\\/#\\\/schema\\\/logo\\\/image\\\/\"},\"sameAs\":[\"https:\\\/\\\/www.instagram.com\\\/formagroup78\\\/\"]}]}<\/script>\n<!-- \/ Yoast SEO plugin. -->","yoast_head_json":{"title":"Formation Travail en hauteur : s\u00e9curit\u00e9 et port du harnais certifi\u00e9","description":"Apprenez \u00e0 travailler en hauteur en s\u00e9curit\u00e9. Formation au port du harnais et pr\u00e9vention des chutes, conforme \u00e0 la r\u00e9glementation en vigueur.","robots":{"index":"index","follow":"follow","max-snippet":"max-snippet:-1","max-image-preview":"max-image-preview:large","max-video-preview":"max-video-preview:-1"},"canonical":"https:\/\/www.formagroup.fr\/en\/formations\/travail-en-hauteur-port-du-harnais\/","og_locale":"en_GB","og_type":"article","og_title":"Formation Travail en hauteur : s\u00e9curit\u00e9 et port du harnais certifi\u00e9","og_description":"Apprenez \u00e0 travailler en hauteur en s\u00e9curit\u00e9. Formation au port du harnais et pr\u00e9vention des chutes, conforme \u00e0 la r\u00e9glementation en vigueur.","og_url":"https:\/\/www.formagroup.fr\/en\/formations\/travail-en-hauteur-port-du-harnais\/","og_site_name":"Forma&#039;Group","article_modified_time":"2025-07-15T15:25:56+00:00","og_image":[{"width":1200,"height":800,"url":"https:\/\/www.formagroup.fr\/wp-content\/uploads\/2025\/07\/travaux-en-hauteur.webp","type":"image\/webp"}],"twitter_card":"summary_large_image","twitter_misc":{"Estimated reading time":"2 minutes"},"schema":{"@context":"https:\/\/schema.org","@graph":[{"@type":"WebPage","@id":"https:\/\/www.formagroup.fr\/formations\/travail-en-hauteur-port-du-harnais\/","url":"https:\/\/www.formagroup.fr\/formations\/travail-en-hauteur-port-du-harnais\/","name":"Formation Travail en hauteur : s\u00e9curit\u00e9 et port du harnais certifi\u00e9","isPartOf":{"@id":"https:\/\/www.formagroup.fr\/#website"},"primaryImageOfPage":{"@id":"https:\/\/www.formagroup.fr\/formations\/travail-en-hauteur-port-du-harnais\/#primaryimage"},"image":{"@id":"https:\/\/www.formagroup.fr\/formations\/travail-en-hauteur-port-du-harnais\/#primaryimage"},"thumbnailUrl":"https:\/\/www.formagroup.fr\/wp-content\/uploads\/2025\/07\/travaux-en-hauteur.webp","datePublished":"2025-07-04T13:28:52+00:00","dateModified":"2025-07-15T15:25:56+00:00","description":"Apprenez \u00e0 travailler en hauteur en s\u00e9curit\u00e9. Formation au port du harnais et pr\u00e9vention des chutes, conforme \u00e0 la r\u00e9glementation en vigueur.","breadcrumb":{"@id":"https:\/\/www.formagroup.fr\/formations\/travail-en-hauteur-port-du-harnais\/#breadcrumb"},"inLanguage":"en-GB","potentialAction":[{"@type":"ReadAction","target":["https:\/\/www.formagroup.fr\/formations\/travail-en-hauteur-port-du-harnais\/"]}]},{"@type":"ImageObject","inLanguage":"en-GB","@id":"https:\/\/www.formagroup.fr\/formations\/travail-en-hauteur-port-du-harnais\/#primaryimage","url":"https:\/\/www.formagroup.fr\/wp-content\/uploads\/2025\/07\/travaux-en-hauteur.webp","contentUrl":"https:\/\/www.formagroup.fr\/wp-content\/uploads\/2025\/07\/travaux-en-hauteur.webp","width":1200,"height":800,"caption":"travail en hauteur"},{"@type":"BreadcrumbList","@id":"https:\/\/www.formagroup.fr\/formations\/travail-en-hauteur-port-du-harnais\/#breadcrumb","itemListElement":[{"@type":"ListItem","position":1,"name":"Accueil","item":"https:\/\/www.formagroup.fr\/"},{"@type":"ListItem","position":2,"name":"Cours","item":"https:\/\/www.formagroup.fr\/formations\/"},{"@type":"ListItem","position":3,"name":"Travail en hauteur, port du harnais"}]},{"@type":"WebSite","@id":"https:\/\/www.formagroup.fr\/#website","url":"https:\/\/www.formagroup.fr\/","name":"La r\u00e9f\u00e9rence des formations pour le b\u00e2timent et la restauration \u00e0 Coigni\u00e8res (78)","description":"le sp\u00e9cialiste des formations en b\u00e2timent et restauration","publisher":{"@id":"https:\/\/www.formagroup.fr\/#organization"},"potentialAction":[{"@type":"SearchAction","target":{"@type":"EntryPoint","urlTemplate":"https:\/\/www.formagroup.fr\/?s={search_term_string}"},"query-input":{"@type":"PropertyValueSpecification","valueRequired":true,"valueName":"search_term_string"}}],"inLanguage":"en-GB"},{"@type":"Organization","@id":"https:\/\/www.formagroup.fr\/#organization","name":"Forma'Group","url":"https:\/\/www.formagroup.fr\/","logo":{"@type":"ImageObject","inLanguage":"en-GB","@id":"https:\/\/www.formagroup.fr\/#\/schema\/logo\/image\/","url":"https:\/\/www.formagroup.fr\/wp-content\/uploads\/2020\/03\/Logo-FORMAGROUP-transparent.png","contentUrl":"https:\/\/www.formagroup.fr\/wp-content\/uploads\/2020\/03\/Logo-FORMAGROUP-transparent.png","width":1300,"height":400,"caption":"Forma'Group"},"image":{"@id":"https:\/\/www.formagroup.fr\/#\/schema\/logo\/image\/"},"sameAs":["https:\/\/www.instagram.com\/formagroup78\/"]}]}},"_links":{"self":[{"href":"https:\/\/www.formagroup.fr\/en\/wp-json\/wp\/v2\/lp_course\/30840","targetHints":{"allow":["GET"]}}],"collection":[{"href":"https:\/\/www.formagroup.fr\/en\/wp-json\/wp\/v2\/lp_course"}],"about":[{"href":"https:\/\/www.formagroup.fr\/en\/wp-json\/wp\/v2\/types\/lp_course"}],"author":[{"embeddable":true,"href":"https:\/\/www.formagroup.fr\/en\/wp-json\/wp\/v2\/users\/1"}],"replies":[{"embeddable":true,"href":"https:\/\/www.formagroup.fr\/en\/wp-json\/wp\/v2\/comments?post=30840"}],"version-history":[{"count":3,"href":"https:\/\/www.formagroup.fr\/en\/wp-json\/wp\/v2\/lp_course\/30840\/revisions"}],"predecessor-version":[{"id":30843,"href":"https:\/\/www.formagroup.fr\/en\/wp-json\/wp\/v2\/lp_course\/30840\/revisions\/30843"}],"wp:featuredmedia":[{"embeddable":true,"href":"https:\/\/www.formagroup.fr\/en\/wp-json\/wp\/v2\/media\/30844"}],"wp:attachment":[{"href":"https:\/\/www.formagroup.fr\/en\/wp-json\/wp\/v2\/media?parent=30840"}],"wp:term":[{"taxonomy":"course_category","embeddable":true,"href":"https:\/\/www.formagroup.fr\/en\/wp-json\/wp\/v2\/course_category?post=30840"},{"taxonomy":"course_tag","embeddable":true,"href":"https:\/\/www.formagroup.fr\/en\/wp-json\/wp\/v2\/course_tag?post=30840"}],"curies":[{"name":"wp","href":"https:\/\/api.w.org\/{rel}","templated":true}]}}