{"id":30766,"date":"2025-07-04T12:49:32","date_gmt":"2025-07-04T12:49:32","guid":{"rendered":"https:\/\/www.formagroup.fr\/v2\/?post_type=lp_course&#038;p=30766"},"modified":"2025-07-15T17:32:47","modified_gmt":"2025-07-15T15:32:47","slug":"gestes-et-postures","status":"publish","type":"lp_course","link":"https:\/\/www.formagroup.fr\/en\/formations\/gestes-et-postures\/","title":{"rendered":"Gestes et postures"},"content":{"rendered":"<p>La formation \u00abgestes et postures\u00bb a pour but d\u2019acqu\u00e9rir les connaissances th\u00e9orique et pratique pour appliquer les techniques de gestes et postures de travail adapt\u00e9es. Tout cela afin de diminuer la fr\u00e9quence des accidents, att\u00e9nuer la fatigue et am\u00e9liorer les comp\u00e9tences professionnelles.<\/p>\n<h2>Comp\u00e9tences vis\u00e9es<\/h2>\n<ul>\n<li>Prendre conscience des risques li\u00e9s \u00e0 la manutention manuelle<\/li>\n<li>Savoir analyser les risques<\/li>\n<li>Conna\u00eetre les gestes adapt\u00e9s pour la manipulation de charges<\/li>\n<li>Conna\u00eetre les postures de travail ad\u00e9quates<\/li>\n<li>Acqu\u00e9rir des notions d\u2019anatomie, physiologie et pathologie<\/li>\n<li>Savoir mettre en place des mesures de pr\u00e9vention.<\/li>\n<\/ul>\n<h2>Moyens d\u2019encadrement<\/h2>\n<p>Organisme de formation d\u00e9clar\u00e9 \u00e0 la <a href=\"https:\/\/dreets.gouv.fr\/\" target=\"_blank\" rel=\"noopener\">DREETS<\/a> disposant d\u2019un Service Relations Clients, d\u2019un Service Administratif, d\u2019un Service Qualit\u00e9, et d\u2019une \u00e9quipe pluridisciplinaire de formateurs.<\/p>\n<h2>Moyens p\u00e9dagogiques<\/h2>\n<ul>\n<li>Formateurs en pr\u00e9vention des risques professionnels, titulaires d\u2019un certificat de comp\u00e9tence d\u00e9livr\u00e9 par l\u2019organisme \u00e0 l\u2019issue d\u2019une validation de leur aptitude \u00e0 enseigner le sujet.<\/li>\n<li>Supports d\u2019animation p\u00e9dagogique standardis\u00e9s, utilis\u00e9s en vid\u00e9o-projection.<\/li>\n<li>Installations en centre de formation : salle de cours, tables, chaises, mur clair pour la projection, tableau papier ou effa\u00e7able. En cas de formation intra-entreprise, des installations \u00e9quivalentes doivent \u00eatre mises \u00e0 disposition par l\u2019employeur des stagiaires.<\/li>\n<\/ul>","protected":false},"excerpt":{"rendered":"<p>La formation \u00abgestes et postures\u00bb a pour but d\u2019acqu\u00e9rir les connaissances th\u00e9orique et pratique pour appliquer les techniques de gestes et postures de travail adapt\u00e9es. Tout cela afin de diminuer la fr\u00e9quence des accidents, att\u00e9nuer la fatigue et am\u00e9liorer les &hellip; <\/p>","protected":false},"author":1,"featured_media":30785,"comment_status":"closed","ping_status":"closed","template":"","course_category":[83],"course_tag":[],"class_list":["post-30766","lp_course","type-lp_course","status-publish","has-post-thumbnail","hentry","course_category-securite","course"],"yoast_head":"<!-- This site is optimized with the Yoast SEO plugin v27.3 - https:\/\/yoast.com\/product\/yoast-seo-wordpress\/ -->\n<title>Formation Gestes et Postures : pr\u00e9vention des risques professionnels<\/title>\n<meta name=\"description\" content=\"Adoptez les bons gestes pour pr\u00e9venir les douleurs et TMS. Formation gestes et postures adapt\u00e9e \u00e0 tous les secteurs : manutention, bureau, industrie...\" \/>\n<meta name=\"robots\" content=\"index, follow, max-snippet:-1, max-image-preview:large, max-video-preview:-1\" \/>\n<link rel=\"canonical\" href=\"https:\/\/www.formagroup.fr\/en\/formations\/gestes-et-postures\/\" \/>\n<meta property=\"og:locale\" content=\"en_GB\" \/>\n<meta property=\"og:type\" content=\"article\" \/>\n<meta property=\"og:title\" content=\"Formation Gestes et Postures : pr\u00e9vention des risques professionnels\" \/>\n<meta property=\"og:description\" content=\"Adoptez les bons gestes pour pr\u00e9venir les douleurs et TMS. Formation gestes et postures adapt\u00e9e \u00e0 tous les secteurs : manutention, bureau, industrie...\" \/>\n<meta property=\"og:url\" content=\"https:\/\/www.formagroup.fr\/en\/formations\/gestes-et-postures\/\" \/>\n<meta property=\"og:site_name\" content=\"Forma&#039;Group\" \/>\n<meta property=\"article:modified_time\" content=\"2025-07-15T15:32:47+00:00\" \/>\n<meta property=\"og:image\" content=\"https:\/\/www.formagroup.fr\/wp-content\/uploads\/2025\/07\/geste-posture.webp\" \/>\n\t<meta property=\"og:image:width\" content=\"1200\" \/>\n\t<meta property=\"og:image:height\" content=\"800\" \/>\n\t<meta property=\"og:image:type\" content=\"image\/webp\" \/>\n<meta name=\"twitter:card\" content=\"summary_large_image\" \/>\n<meta name=\"twitter:label1\" content=\"Estimated reading time\" \/>\n\t<meta name=\"twitter:data1\" content=\"2 minutes\" \/>\n<script type=\"application\/ld+json\" class=\"yoast-schema-graph\">{\"@context\":\"https:\\\/\\\/schema.org\",\"@graph\":[{\"@type\":\"WebPage\",\"@id\":\"https:\\\/\\\/www.formagroup.fr\\\/formations\\\/gestes-et-postures\\\/\",\"url\":\"https:\\\/\\\/www.formagroup.fr\\\/formations\\\/gestes-et-postures\\\/\",\"name\":\"Formation Gestes et Postures : pr\u00e9vention des risques professionnels\",\"isPartOf\":{\"@id\":\"https:\\\/\\\/www.formagroup.fr\\\/#website\"},\"primaryImageOfPage\":{\"@id\":\"https:\\\/\\\/www.formagroup.fr\\\/formations\\\/gestes-et-postures\\\/#primaryimage\"},\"image\":{\"@id\":\"https:\\\/\\\/www.formagroup.fr\\\/formations\\\/gestes-et-postures\\\/#primaryimage\"},\"thumbnailUrl\":\"https:\\\/\\\/www.formagroup.fr\\\/wp-content\\\/uploads\\\/2025\\\/07\\\/geste-posture.webp\",\"datePublished\":\"2025-07-04T12:49:32+00:00\",\"dateModified\":\"2025-07-15T15:32:47+00:00\",\"description\":\"Adoptez les bons gestes pour pr\u00e9venir les douleurs et TMS. Formation gestes et postures adapt\u00e9e \u00e0 tous les secteurs : manutention, bureau, industrie...\",\"breadcrumb\":{\"@id\":\"https:\\\/\\\/www.formagroup.fr\\\/formations\\\/gestes-et-postures\\\/#breadcrumb\"},\"inLanguage\":\"en-GB\",\"potentialAction\":[{\"@type\":\"ReadAction\",\"target\":[\"https:\\\/\\\/www.formagroup.fr\\\/formations\\\/gestes-et-postures\\\/\"]}]},{\"@type\":\"ImageObject\",\"inLanguage\":\"en-GB\",\"@id\":\"https:\\\/\\\/www.formagroup.fr\\\/formations\\\/gestes-et-postures\\\/#primaryimage\",\"url\":\"https:\\\/\\\/www.formagroup.fr\\\/wp-content\\\/uploads\\\/2025\\\/07\\\/geste-posture.webp\",\"contentUrl\":\"https:\\\/\\\/www.formagroup.fr\\\/wp-content\\\/uploads\\\/2025\\\/07\\\/geste-posture.webp\",\"width\":1200,\"height\":800,\"caption\":\"Gestes et postures\"},{\"@type\":\"BreadcrumbList\",\"@id\":\"https:\\\/\\\/www.formagroup.fr\\\/formations\\\/gestes-et-postures\\\/#breadcrumb\",\"itemListElement\":[{\"@type\":\"ListItem\",\"position\":1,\"name\":\"Accueil\",\"item\":\"https:\\\/\\\/www.formagroup.fr\\\/\"},{\"@type\":\"ListItem\",\"position\":2,\"name\":\"Cours\",\"item\":\"https:\\\/\\\/www.formagroup.fr\\\/formations\\\/\"},{\"@type\":\"ListItem\",\"position\":3,\"name\":\"Gestes et postures\"}]},{\"@type\":\"WebSite\",\"@id\":\"https:\\\/\\\/www.formagroup.fr\\\/#website\",\"url\":\"https:\\\/\\\/www.formagroup.fr\\\/\",\"name\":\"La r\u00e9f\u00e9rence des formations pour le b\u00e2timent et la restauration \u00e0 Coigni\u00e8res (78)\",\"description\":\"le sp\u00e9cialiste des formations en b\u00e2timent et restauration\",\"publisher\":{\"@id\":\"https:\\\/\\\/www.formagroup.fr\\\/#organization\"},\"potentialAction\":[{\"@type\":\"SearchAction\",\"target\":{\"@type\":\"EntryPoint\",\"urlTemplate\":\"https:\\\/\\\/www.formagroup.fr\\\/?s={search_term_string}\"},\"query-input\":{\"@type\":\"PropertyValueSpecification\",\"valueRequired\":true,\"valueName\":\"search_term_string\"}}],\"inLanguage\":\"en-GB\"},{\"@type\":\"Organization\",\"@id\":\"https:\\\/\\\/www.formagroup.fr\\\/#organization\",\"name\":\"Forma'Group\",\"url\":\"https:\\\/\\\/www.formagroup.fr\\\/\",\"logo\":{\"@type\":\"ImageObject\",\"inLanguage\":\"en-GB\",\"@id\":\"https:\\\/\\\/www.formagroup.fr\\\/#\\\/schema\\\/logo\\\/image\\\/\",\"url\":\"https:\\\/\\\/www.formagroup.fr\\\/wp-content\\\/uploads\\\/2020\\\/03\\\/Logo-FORMAGROUP-transparent.png\",\"contentUrl\":\"https:\\\/\\\/www.formagroup.fr\\\/wp-content\\\/uploads\\\/2020\\\/03\\\/Logo-FORMAGROUP-transparent.png\",\"width\":1300,\"height\":400,\"caption\":\"Forma'Group\"},\"image\":{\"@id\":\"https:\\\/\\\/www.formagroup.fr\\\/#\\\/schema\\\/logo\\\/image\\\/\"},\"sameAs\":[\"https:\\\/\\\/www.instagram.com\\\/formagroup78\\\/\"]}]}<\/script>\n<!-- \/ Yoast SEO plugin. -->","yoast_head_json":{"title":"Formation Gestes et Postures : pr\u00e9vention des risques professionnels","description":"Adoptez les bons gestes pour pr\u00e9venir les douleurs et TMS. Formation gestes et postures adapt\u00e9e \u00e0 tous les secteurs : manutention, bureau, industrie...","robots":{"index":"index","follow":"follow","max-snippet":"max-snippet:-1","max-image-preview":"max-image-preview:large","max-video-preview":"max-video-preview:-1"},"canonical":"https:\/\/www.formagroup.fr\/en\/formations\/gestes-et-postures\/","og_locale":"en_GB","og_type":"article","og_title":"Formation Gestes et Postures : pr\u00e9vention des risques professionnels","og_description":"Adoptez les bons gestes pour pr\u00e9venir les douleurs et TMS. Formation gestes et postures adapt\u00e9e \u00e0 tous les secteurs : manutention, bureau, industrie...","og_url":"https:\/\/www.formagroup.fr\/en\/formations\/gestes-et-postures\/","og_site_name":"Forma&#039;Group","article_modified_time":"2025-07-15T15:32:47+00:00","og_image":[{"width":1200,"height":800,"url":"https:\/\/www.formagroup.fr\/wp-content\/uploads\/2025\/07\/geste-posture.webp","type":"image\/webp"}],"twitter_card":"summary_large_image","twitter_misc":{"Estimated reading time":"2 minutes"},"schema":{"@context":"https:\/\/schema.org","@graph":[{"@type":"WebPage","@id":"https:\/\/www.formagroup.fr\/formations\/gestes-et-postures\/","url":"https:\/\/www.formagroup.fr\/formations\/gestes-et-postures\/","name":"Formation Gestes et Postures : pr\u00e9vention des risques professionnels","isPartOf":{"@id":"https:\/\/www.formagroup.fr\/#website"},"primaryImageOfPage":{"@id":"https:\/\/www.formagroup.fr\/formations\/gestes-et-postures\/#primaryimage"},"image":{"@id":"https:\/\/www.formagroup.fr\/formations\/gestes-et-postures\/#primaryimage"},"thumbnailUrl":"https:\/\/www.formagroup.fr\/wp-content\/uploads\/2025\/07\/geste-posture.webp","datePublished":"2025-07-04T12:49:32+00:00","dateModified":"2025-07-15T15:32:47+00:00","description":"Adoptez les bons gestes pour pr\u00e9venir les douleurs et TMS. Formation gestes et postures adapt\u00e9e \u00e0 tous les secteurs : manutention, bureau, industrie...","breadcrumb":{"@id":"https:\/\/www.formagroup.fr\/formations\/gestes-et-postures\/#breadcrumb"},"inLanguage":"en-GB","potentialAction":[{"@type":"ReadAction","target":["https:\/\/www.formagroup.fr\/formations\/gestes-et-postures\/"]}]},{"@type":"ImageObject","inLanguage":"en-GB","@id":"https:\/\/www.formagroup.fr\/formations\/gestes-et-postures\/#primaryimage","url":"https:\/\/www.formagroup.fr\/wp-content\/uploads\/2025\/07\/geste-posture.webp","contentUrl":"https:\/\/www.formagroup.fr\/wp-content\/uploads\/2025\/07\/geste-posture.webp","width":1200,"height":800,"caption":"Gestes et postures"},{"@type":"BreadcrumbList","@id":"https:\/\/www.formagroup.fr\/formations\/gestes-et-postures\/#breadcrumb","itemListElement":[{"@type":"ListItem","position":1,"name":"Accueil","item":"https:\/\/www.formagroup.fr\/"},{"@type":"ListItem","position":2,"name":"Cours","item":"https:\/\/www.formagroup.fr\/formations\/"},{"@type":"ListItem","position":3,"name":"Gestes et postures"}]},{"@type":"WebSite","@id":"https:\/\/www.formagroup.fr\/#website","url":"https:\/\/www.formagroup.fr\/","name":"La r\u00e9f\u00e9rence des formations pour le b\u00e2timent et la restauration \u00e0 Coigni\u00e8res (78)","description":"le sp\u00e9cialiste des formations en b\u00e2timent et restauration","publisher":{"@id":"https:\/\/www.formagroup.fr\/#organization"},"potentialAction":[{"@type":"SearchAction","target":{"@type":"EntryPoint","urlTemplate":"https:\/\/www.formagroup.fr\/?s={search_term_string}"},"query-input":{"@type":"PropertyValueSpecification","valueRequired":true,"valueName":"search_term_string"}}],"inLanguage":"en-GB"},{"@type":"Organization","@id":"https:\/\/www.formagroup.fr\/#organization","name":"Forma'Group","url":"https:\/\/www.formagroup.fr\/","logo":{"@type":"ImageObject","inLanguage":"en-GB","@id":"https:\/\/www.formagroup.fr\/#\/schema\/logo\/image\/","url":"https:\/\/www.formagroup.fr\/wp-content\/uploads\/2020\/03\/Logo-FORMAGROUP-transparent.png","contentUrl":"https:\/\/www.formagroup.fr\/wp-content\/uploads\/2020\/03\/Logo-FORMAGROUP-transparent.png","width":1300,"height":400,"caption":"Forma'Group"},"image":{"@id":"https:\/\/www.formagroup.fr\/#\/schema\/logo\/image\/"},"sameAs":["https:\/\/www.instagram.com\/formagroup78\/"]}]}},"_links":{"self":[{"href":"https:\/\/www.formagroup.fr\/en\/wp-json\/wp\/v2\/lp_course\/30766","targetHints":{"allow":["GET"]}}],"collection":[{"href":"https:\/\/www.formagroup.fr\/en\/wp-json\/wp\/v2\/lp_course"}],"about":[{"href":"https:\/\/www.formagroup.fr\/en\/wp-json\/wp\/v2\/types\/lp_course"}],"author":[{"embeddable":true,"href":"https:\/\/www.formagroup.fr\/en\/wp-json\/wp\/v2\/users\/1"}],"replies":[{"embeddable":true,"href":"https:\/\/www.formagroup.fr\/en\/wp-json\/wp\/v2\/comments?post=30766"}],"version-history":[{"count":1,"href":"https:\/\/www.formagroup.fr\/en\/wp-json\/wp\/v2\/lp_course\/30766\/revisions"}],"predecessor-version":[{"id":30769,"href":"https:\/\/www.formagroup.fr\/en\/wp-json\/wp\/v2\/lp_course\/30766\/revisions\/30769"}],"wp:featuredmedia":[{"embeddable":true,"href":"https:\/\/www.formagroup.fr\/en\/wp-json\/wp\/v2\/media\/30785"}],"wp:attachment":[{"href":"https:\/\/www.formagroup.fr\/en\/wp-json\/wp\/v2\/media?parent=30766"}],"wp:term":[{"taxonomy":"course_category","embeddable":true,"href":"https:\/\/www.formagroup.fr\/en\/wp-json\/wp\/v2\/course_category?post=30766"},{"taxonomy":"course_tag","embeddable":true,"href":"https:\/\/www.formagroup.fr\/en\/wp-json\/wp\/v2\/course_tag?post=30766"}],"curies":[{"name":"wp","href":"https:\/\/api.w.org\/{rel}","templated":true}]}}